{"id":5532,"date":"2024-08-14T11:44:19","date_gmt":"2024-08-14T09:44:19","guid":{"rendered":"https:\/\/www.idena.fr\/notre-histoire\/"},"modified":"2025-03-03T17:15:58","modified_gmt":"2025-03-03T16:15:58","slug":"nuestra-historia","status":"publish","type":"page","link":"https:\/\/www.idena.fr\/es\/nuestra-historia\/","title":{"rendered":"Nuestra historia"},"content":{"rendered":"\n<div class=\"wp-block-group alignwide header-page has-primary-10-background-color has-background animate__fadeInUp animation-extend paused animate__animated\" style=\"padding-top:0;padding-bottom:0;border-radius:0\"><div class=\"wp-block-group__inner-container is-layout-constrained wp-block-group-is-layout-constrained\">\n<div class=\"wp-block-media-text alignwide has-media-on-the-right is-stacked-on-mobile reverse-mobile\"><div class=\"wp-block-media-text__content\">\n<div class=\"wp-block-group animate__fadeInUp animation-extend paused animate__animated\" style=\"border-radius:0\"><div class=\"wp-block-group__inner-container is-layout-constrained wp-block-group-is-layout-constrained\">\n<h1 class=\"wp-block-heading has-neutral-100-color has-text-color has-link-color icone-fr wp-elements-870ae9d375c5c5c0645579220015afb6\">Nuestra historia, nuestra herencia<\/h1>\n\n\n\n<p class=\"is-style-intro has-neutral-60-color has-text-color has-link-color wp-elements-c6493daa9520d50c44f38fbb5e211791\"><strong>Fundada en 1995<\/strong> en un contexto sanitario turbulento, IDENA interviene directamente en la cadena alimentaria y lucha por una alimentaci\u00f3n animal m\u00e1s sana y de mejor calidad, que respete el equilibrio entre la naturaleza, los animales y el hombre.<\/p>\n\n\n\n<p class=\"is-style-intro has-neutral-60-color has-text-color has-link-color wp-elements-f1a2d4d5050434893551092fdee8c86d\">IDENA ha sabido asentar sus fundamentos y convicciones en el mercado de la nutrici\u00f3n animal, desarrollarlos y seguir construyendo sobre ellos.<\/p>\n<\/div><\/div>\n<\/div><figure class=\"wp-block-media-text__media\"><img loading=\"lazy\" decoding=\"async\" width=\"1230\" height=\"794\" src=\"https:\/\/www.idena.fr\/wp-content\/uploads\/header-histoire.png\" alt=\"header-histoire\" class=\"wp-image-3616 size-full\" srcset=\"https:\/\/www.idena.fr\/wp-content\/uploads\/header-histoire.png 1230w, https:\/\/www.idena.fr\/wp-content\/uploads\/header-histoire-768x496.png 768w\" sizes=\"auto, (max-width: 1230px) 100vw, 1230px\" \/><\/figure><\/div>\n<\/div><\/div>\n\n\n\n<div class=\"wp-block-ic-blocks-responsive-spacer\"><div style=\"height:100px\"><\/div><div style=\"height:50px\"><\/div><\/div>\n\n\n\n<div class=\"wp-block-group aligncenter animate__fadeInUp animation-extend paused animate__animated\" style=\"border-radius:0\"><div class=\"wp-block-group__inner-container is-layout-constrained wp-block-group-is-layout-constrained\">\n<p class=\"is-style-intro\">La empresa surgi\u00f3 gracias a las aspiraciones e ideas innovadoras de sus fundadores, que buscaron diferenciar IDENA de lo que ya se hac\u00eda. Vemos <strong>la nutrici\u00f3n animal de forma diferente<\/strong>. <\/p>\n\n\n\n<p class=\"is-style-intro\">Nuestra misi\u00f3n es comercializar<strong> alternativas naturales<\/strong> a los aditivos convencionales para <strong>reducir el uso de antibi\u00f3ticos y preservar su eficacia (resistencia a los antibi\u00f3ticos)<\/strong>. Estas alternativas se componen de <strong>bioactivos y principios activos derivados de la fermentaci\u00f3n l\u00e1ctica<\/strong>.<\/p>\n\n\n\n<p class=\"is-style-intro\">30 a\u00f1os despu\u00e9s, estamos orgullosos de haber aceptado el reto y de haber hecho de esta idea nuestra especialidad. En la actualidad, la empresa es <strong>reconocida como experta en zootecnia y nutrici\u00f3n animal<\/strong>. Hemos desarrollado un <strong>s\u00f3lido saber<\/strong> hacer a trav\u00e9s de varias aplicaciones (conceptos y productos), presentes en miles de toneladas de piensos en Francia y en todo el mundo. <\/p>\n\n\n\n<p class=\"is-style-intro\">Todo esto se consigue manteni\u00e9ndonos <strong>cerca de nuestros socios y de sus necesidades<\/strong>, con el fin de proporcionarles soluciones eficaces, pr\u00e1cticas, adecuadas e innovadoras.<\/p>\n\n\n\n<div class=\"wp-block-ic-blocks-responsive-spacer\"><div style=\"height:100px\"><\/div><div style=\"height:50px\"><\/div><\/div>\n<\/div><\/div>\n\n\n\n<div class=\"wp-block-group has-border-color has-neutral-90-border-color has-white-background-color has-background animate__fadeInUp animation-extend paused animate__animated\" style=\"border:1px solid black;border-radius:0\"><div class=\"wp-block-group__inner-container is-layout-constrained wp-block-group-is-layout-constrained\">\n<div class=\"wp-block-ic-blocks-slider testimonials-slider  on-mobile on-desktop slider col-mob-1 col-desk-1 hide-out-mobile hide-out-desktop hide-inline\" data-spacing-mobile=\"0\" data-spacing-desktop=\"0\" data-effect=\"fade\" data-speed=\"600\" data-delay=\"0\" data-loop=\"false\"><div class=\"swiper-wrapper\">\n<div class=\"wp-block-ic-blocks-slide undefined\">\n<div class=\"wp-block-group animate__fadeInUp animation-extend paused animate__animated is-nowrap is-layout-flex wp-container-core-group-is-layout-ad2f72ca wp-block-group-is-layout-flex\" style=\"border-radius:0\">\n<figure class=\"wp-block-image size-full is-resized is-style-rounded\"><img loading=\"lazy\" decoding=\"async\" width=\"1300\" height=\"547\" src=\"https:\/\/www.idena.fr\/wp-content\/uploads\/header-1-6.jpg\" alt=\"Header (1)\" class=\"wp-image-3537\" style=\"width:410px\" srcset=\"https:\/\/www.idena.fr\/wp-content\/uploads\/header-1-6.jpg 1300w, https:\/\/www.idena.fr\/wp-content\/uploads\/header-1-6-768x323.jpg 768w\" sizes=\"auto, (max-width: 1300px) 100vw, 1300px\" \/><\/figure>\n\n\n\n<blockquote class=\"wp-block-quote is-layout-flow wp-block-quote-is-layout-flow\">\n<p>\u00abPara nosotros, el futuro de la alimentaci\u00f3n animal se decide en el plato del consumidor.\u00bb<\/p>\n<\/blockquote>\n<\/div>\n<\/div>\n<\/div><\/div>\n<\/div><\/div>\n\n\n\n<div class=\"wp-block-ic-blocks-responsive-spacer\"><div style=\"height:100px\"><\/div><div style=\"height:50px\"><\/div><\/div>\n\n\n\n<div class=\"wp-block-group alignwide has-primary-90-background-color has-background animate__fadeInUp animation-extend paused animate__animated\" style=\"border-radius:0\"><div class=\"wp-block-group__inner-container is-layout-constrained wp-block-group-is-layout-constrained\">\n<div class=\"wp-block-group animate__fadeInUp animation-extend paused animate__animated\" style=\"border-radius:0\"><div class=\"wp-block-group__inner-container is-layout-constrained wp-block-group-is-layout-constrained\">\n<h2 class=\"wp-block-heading has-white-color has-text-color has-link-color icone-calendar wp-elements-41e5bfa24188488be2a2d0c489074e19\">Viaje a trav\u00e9s de <mark style=\"background-color:rgba(0, 0, 0, 0)\" class=\"has-inline-color has-white-color\">la historia de IDENA<\/mark><\/h2>\n\n\n\n<div class=\"wp-block-ic-blocks-responsive-spacer\"><div style=\"height:50px\"><\/div><div style=\"height:50px\"><\/div><\/div>\n\n\n\n<div class=\"wp-block-ic-blocks-slider no-auto-height  on-mobile on-desktop slider col-mob-1 col-desk-3 hide-out-mobile hide-inline\" data-spacing-mobile=\"40\" data-spacing-desktop=\"30\" data-effect=\"slide\" data-speed=\"600\" data-delay=\"0\" data-loop=\"false\"><div class=\"swiper-wrapper\">\n<div class=\"wp-block-ic-blocks-slide undefined\">\n<div class=\"wp-block-columns columns-border is-layout-flex wp-container-core-columns-is-layout-9d6595d7 wp-block-columns-is-layout-flex\" style=\"border-radius:0\">\n<div class=\"wp-block-column is-layout-flow wp-block-column-is-layout-flow\">\n<figure class=\"wp-block-image size-full\"><img loading=\"lazy\" decoding=\"async\" width=\"800\" height=\"333\" src=\"https:\/\/www.idena.fr\/wp-content\/uploads\/bloc-colonne-1995.jpg\" alt=\"bloc-colonne-1995\" class=\"wp-image-3603\" srcset=\"https:\/\/www.idena.fr\/wp-content\/uploads\/bloc-colonne-1995.jpg 800w, https:\/\/www.idena.fr\/wp-content\/uploads\/bloc-colonne-1995-768x320.jpg 768w\" sizes=\"auto, (max-width: 800px) 100vw, 800px\" \/><\/figure>\n\n\n\n<h3 class=\"wp-block-heading has-white-color has-text-color has-link-color wp-elements-4480489603a238e1f4ebeb3187630ed6\">Junio de 1995<\/h3>\n\n\n\n<p class=\"has-white-color has-text-color has-link-color wp-elements-3c119b41cdbce1b73c53c43ba32e1567\">Despu\u00e9s de pensarlo un poco, est\u00e1 decidido: IDENA. <strong>Desarrollo de la Innovaci\u00f3n en Nutrici\u00f3n Animal<\/strong>. Estas cinco letras son la quintaesencia de un ambicioso proyecto, que ilumina las aspiraciones de la nueva empresa de servicios.<\/p>\n<\/div>\n<\/div>\n<\/div>\n\n\n\n<div class=\"wp-block-ic-blocks-slide undefined\">\n<div class=\"wp-block-columns columns-border is-layout-flex wp-container-core-columns-is-layout-9d6595d7 wp-block-columns-is-layout-flex\" style=\"border-radius:0\">\n<div class=\"wp-block-column is-layout-flow wp-block-column-is-layout-flow\"><div class=\"wp-block-image\">\n<figure class=\"aligncenter size-large is-resized\"><img loading=\"lazy\" decoding=\"async\" width=\"1400\" height=\"673\" src=\"https:\/\/www.idena.fr\/wp-content\/uploads\/faire-part-naissance-idena-1995-1400x673.jpg\" alt=\"faire_part_naissance_idena_1995\" class=\"wp-image-3742\" style=\"width:333px;height:auto\" srcset=\"https:\/\/www.idena.fr\/wp-content\/uploads\/faire-part-naissance-idena-1995-1400x673.jpg 1400w, https:\/\/www.idena.fr\/wp-content\/uploads\/faire-part-naissance-idena-1995-768x369.jpg 768w, https:\/\/www.idena.fr\/wp-content\/uploads\/faire-part-naissance-idena-1995-1536x738.jpg 1536w, https:\/\/www.idena.fr\/wp-content\/uploads\/faire-part-naissance-idena-1995.jpg 1557w\" sizes=\"auto, (max-width: 1400px) 100vw, 1400px\" \/><\/figure>\n<\/div>\n\n\n<h3 class=\"wp-block-heading has-white-color has-text-color has-link-color wp-elements-1cad060728730b496819f3f1086eb4ca\">1 de septiembre de 1995<\/h3>\n\n\n\n<p class=\"has-white-color has-text-color has-link-color wp-elements-f99be217f0ff4480b6edf8d3bd07caf8\">Nace oficialmente IDENA. Se env\u00eda un anuncio de nacimiento a todos los fabricantes de piensos y otros futuros socios.<\/p>\n\n\n\n<p class=\"has-white-color has-text-color has-link-color wp-elements-5783c6f18edc644e50f4bd49e2a21127\">La PYME es independiente, \u00e9se es su lema. Las 5 personas que forman IDENA son due\u00f1as de todo el capital.<\/p>\n<\/div>\n<\/div>\n<\/div>\n\n\n\n<div class=\"wp-block-ic-blocks-slide undefined\">\n<div class=\"wp-block-columns columns-border is-layout-flex wp-container-core-columns-is-layout-9d6595d7 wp-block-columns-is-layout-flex\" style=\"border-radius:0\">\n<div class=\"wp-block-column is-layout-flow wp-block-column-is-layout-flow\">\n<h3 class=\"wp-block-heading has-white-color has-text-color has-link-color wp-elements-060219d2e3a4dabe9a6f998a50ecfc86\">1996<\/h3>\n\n\n\n<p class=\"has-white-color has-text-color has-link-color wp-elements-6e65e41450ba2e90b2c43fa0bf099184\">Alcanzamos un volumen de negocios de 17,5 millones de francos (o algo m\u00e1s de 2,6 millones de euros), de los cuales algo m\u00e1s del 10% se exporta.<\/p>\n<\/div>\n<\/div>\n<\/div>\n\n\n\n<div class=\"wp-block-ic-blocks-slide undefined\">\n<div class=\"wp-block-columns columns-border is-layout-flex wp-container-core-columns-is-layout-9d6595d7 wp-block-columns-is-layout-flex\" style=\"border-radius:0\">\n<div class=\"wp-block-column is-layout-flow wp-block-column-is-layout-flow\">\n<figure class=\"wp-block-image size-full\"><img loading=\"lazy\" decoding=\"async\" width=\"800\" height=\"392\" src=\"https:\/\/www.idena.fr\/wp-content\/uploads\/bloc-colonne-1997.jpg\" alt=\"bloc-colonne-1997\" class=\"wp-image-3604\" srcset=\"https:\/\/www.idena.fr\/wp-content\/uploads\/bloc-colonne-1997.jpg 800w, https:\/\/www.idena.fr\/wp-content\/uploads\/bloc-colonne-1997-768x376.jpg 768w\" sizes=\"auto, (max-width: 800px) 100vw, 800px\" \/><\/figure>\n\n\n\n<h3 class=\"wp-block-heading has-white-color has-text-color has-link-color wp-elements-427bae5693d31f549b45077ea3e70484\">1997<\/h3>\n\n\n\n<p class=\"has-white-color has-text-color has-link-color wp-elements-e0d939f5c35b0025afae0949e76fa4f0\">Se publica el 1er folleto de marketing, que revela un poco m\u00e1s nuestra raz\u00f3n de ser.<\/p>\n<\/div>\n<\/div>\n<\/div>\n\n\n\n<div class=\"wp-block-ic-blocks-slide undefined\">\n<div class=\"wp-block-columns columns-border is-layout-flex wp-container-core-columns-is-layout-9d6595d7 wp-block-columns-is-layout-flex\" style=\"border-radius:0\">\n<div class=\"wp-block-column is-layout-flow wp-block-column-is-layout-flow\">\n<figure class=\"wp-block-image size-full\"><img loading=\"lazy\" decoding=\"async\" width=\"800\" height=\"601\" src=\"https:\/\/www.idena.fr\/wp-content\/uploads\/bloc-colonnes-1998.jpg\" alt=\"bloc-colonnes-1998\" class=\"wp-image-3605\" srcset=\"https:\/\/www.idena.fr\/wp-content\/uploads\/bloc-colonnes-1998.jpg 800w, https:\/\/www.idena.fr\/wp-content\/uploads\/bloc-colonnes-1998-768x577.jpg 768w\" sizes=\"auto, (max-width: 800px) 100vw, 800px\" \/><\/figure>\n\n\n\n<h3 class=\"wp-block-heading has-white-color has-text-color has-link-color wp-elements-e829689f3d5f30687c19417a87c9a4e0\">1998<\/h3>\n\n\n\n<p class=\"has-white-color has-text-color has-link-color wp-elements-280efc5690add884b8ce690d27474cec\">Inicio de la construcci\u00f3n de los locales de IDENA en Sautron.<\/p>\n<\/div>\n<\/div>\n<\/div>\n\n\n\n<div class=\"wp-block-ic-blocks-slide undefined\">\n<div class=\"wp-block-columns columns-border is-layout-flex wp-container-core-columns-is-layout-9d6595d7 wp-block-columns-is-layout-flex\" style=\"border-radius:0\">\n<div class=\"wp-block-column is-layout-flow wp-block-column-is-layout-flow\">\n<figure class=\"wp-block-image size-full\"><img loading=\"lazy\" decoding=\"async\" width=\"800\" height=\"537\" src=\"https:\/\/www.idena.fr\/wp-content\/uploads\/bloc-colonnes-1999.jpg\" alt=\"Bloc colonnes_1999\" class=\"wp-image-3607\" srcset=\"https:\/\/www.idena.fr\/wp-content\/uploads\/bloc-colonnes-1999.jpg 800w, https:\/\/www.idena.fr\/wp-content\/uploads\/bloc-colonnes-1999-768x516.jpg 768w\" sizes=\"auto, (max-width: 800px) 100vw, 800px\" \/><\/figure>\n\n\n\n<h3 class=\"wp-block-heading has-white-color has-text-color has-link-color wp-elements-336ad1671281ca50332f377e78a62bc4\">1999<\/h3>\n\n\n\n<p class=\"has-white-color has-text-color has-link-color wp-elements-93e81b53111f60e38402b912d13aed7e\">La empresa va viento en popa y ahora el equipo est\u00e1 formado por 12 personas.<\/p>\n<\/div>\n<\/div>\n<\/div>\n\n\n\n<div class=\"wp-block-ic-blocks-slide undefined\">\n<div class=\"wp-block-columns columns-border is-layout-flex wp-container-core-columns-is-layout-9d6595d7 wp-block-columns-is-layout-flex\" style=\"border-radius:0\">\n<div class=\"wp-block-column is-layout-flow wp-block-column-is-layout-flow\">\n<figure class=\"wp-block-image size-full\"><img loading=\"lazy\" decoding=\"async\" width=\"800\" height=\"537\" src=\"https:\/\/www.idena.fr\/wp-content\/uploads\/bloc-colonnes-2001.jpg\" alt=\"bloc-colonnes-2001\" class=\"wp-image-3608\" srcset=\"https:\/\/www.idena.fr\/wp-content\/uploads\/bloc-colonnes-2001.jpg 800w, https:\/\/www.idena.fr\/wp-content\/uploads\/bloc-colonnes-2001-768x516.jpg 768w\" sizes=\"auto, (max-width: 800px) 100vw, 800px\" \/><\/figure>\n\n\n\n<h3 class=\"wp-block-heading has-white-color has-text-color has-link-color wp-elements-a79191dad63fc011e67fa863cca5b8dc\">2001<\/h3>\n\n\n\n<p class=\"has-white-color has-text-color has-link-color wp-elements-43a695fb1baf5f342abb17336801fd9c\">IDENA crea su propio centro de producci\u00f3n en Ponch\u00e2teau, de nuevo con una idea muy innovadora en comparaci\u00f3n con las f\u00e1bricas convencionales del sector. <strong>IDENA PRODUCTION<\/strong> es <strong>una planta m\u00e1s segura<\/strong>, que garantiza <strong>una producci\u00f3n sin contaminaci\u00f3n cruzada<\/strong> para el sector animal, con un proceso y un nivel de seguridad inspirados en la farmacia humana.<\/p>\n<\/div>\n<\/div>\n<\/div>\n\n\n\n<div class=\"wp-block-ic-blocks-slide undefined\">\n<div class=\"wp-block-columns columns-border is-layout-flex wp-container-core-columns-is-layout-9d6595d7 wp-block-columns-is-layout-flex\" style=\"border-radius:0\">\n<div class=\"wp-block-column is-layout-flow wp-block-column-is-layout-flow\"><div class=\"wp-block-image\">\n<figure class=\"aligncenter size-full is-resized\"><img loading=\"lazy\" decoding=\"async\" width=\"800\" height=\"784\" src=\"https:\/\/www.idena.fr\/wp-content\/uploads\/bloc-colonnes-2004.jpg\" alt=\"bloc-colonnes-2004\" class=\"wp-image-3612\" style=\"width:348px;height:auto\" srcset=\"https:\/\/www.idena.fr\/wp-content\/uploads\/bloc-colonnes-2004.jpg 800w, https:\/\/www.idena.fr\/wp-content\/uploads\/bloc-colonnes-2004-768x753.jpg 768w\" sizes=\"auto, (max-width: 800px) 100vw, 800px\" \/><\/figure>\n<\/div>\n\n\n<h3 class=\"wp-block-heading has-white-color has-text-color has-link-color wp-elements-bba1f7bf43cec6fbaa9d133128a51c93\">2004<\/h3>\n\n\n\n<p class=\"has-white-color has-text-color has-link-color wp-elements-fa03e1056d7aa9d95add826328ce54d9\">Lanzamiento de nuestra nueva p\u00e1gina web para continuar nuestro desarrollo internacional.<\/p>\n<\/div>\n<\/div>\n<\/div>\n\n\n\n<div class=\"wp-block-ic-blocks-slide undefined\">\n<div class=\"wp-block-columns columns-border is-layout-flex wp-container-core-columns-is-layout-9d6595d7 wp-block-columns-is-layout-flex\" style=\"border-radius:0\">\n<div class=\"wp-block-column is-layout-flow wp-block-column-is-layout-flow\"><div class=\"wp-block-image\">\n<figure class=\"aligncenter size-large is-resized\"><img loading=\"lazy\" decoding=\"async\" width=\"789\" height=\"1052\" src=\"https:\/\/www.idena.fr\/wp-content\/uploads\/bloc-colonnes-2010-789x1052.jpg\" alt=\"bloc-colonnes-2010\" class=\"wp-image-3610\" style=\"width:287px;height:auto\" srcset=\"https:\/\/www.idena.fr\/wp-content\/uploads\/bloc-colonnes-2010-789x1052.jpg 789w, https:\/\/www.idena.fr\/wp-content\/uploads\/bloc-colonnes-2010-768x1023.jpg 768w, https:\/\/www.idena.fr\/wp-content\/uploads\/bloc-colonnes-2010.jpg 800w\" sizes=\"auto, (max-width: 789px) 100vw, 789px\" \/><\/figure>\n<\/div>\n\n\n<h3 class=\"wp-block-heading has-white-color has-text-color has-link-color wp-elements-c870aa8b71107339b407da7a9a1e9fb3\">2010<\/h3>\n\n\n\n<p class=\"has-white-color has-text-color has-link-color wp-elements-3f74c5f7e4f737282526f26460e38501\">El fundador Georges AMIAND se ha retirado. El equipo que se hace cargo de la empresa: Renaud DOMITILE, Presidente &#8211; Massoud AOUN, Director General.<\/p>\n<\/div>\n<\/div>\n<\/div>\n\n\n\n<div class=\"wp-block-ic-blocks-slide undefined\">\n<div class=\"wp-block-columns columns-border is-layout-flex wp-container-core-columns-is-layout-9d6595d7 wp-block-columns-is-layout-flex\" style=\"border-radius:0\">\n<div class=\"wp-block-column is-layout-flow wp-block-column-is-layout-flow\">\n<figure class=\"wp-block-image size-full\"><img loading=\"lazy\" decoding=\"async\" width=\"800\" height=\"634\" src=\"https:\/\/www.idena.fr\/wp-content\/uploads\/bloc-colonnes-2010-space.jpg\" alt=\"bloc-colonnes-2010-space\" class=\"wp-image-3609\" srcset=\"https:\/\/www.idena.fr\/wp-content\/uploads\/bloc-colonnes-2010-space.jpg 800w, https:\/\/www.idena.fr\/wp-content\/uploads\/bloc-colonnes-2010-space-768x609.jpg 768w\" sizes=\"auto, (max-width: 800px) 100vw, 800px\" \/><\/figure>\n\n\n\n<h3 class=\"wp-block-heading has-white-color has-text-color has-link-color wp-elements-c870aa8b71107339b407da7a9a1e9fb3\">2010<\/h3>\n\n\n\n<p class=\"has-white-color has-text-color has-link-color wp-elements-53835b19b05c0f1d49fad1ad05baa88a\">IDENA gana 2 premios INNOV SPACE por sus productos GASOLESS y EVOLIT. Los equipos est\u00e1n orgullosos de ver recompensado su trabajo por 1\u00aa vez.\u00a0<\/p>\n<\/div>\n<\/div>\n<\/div>\n\n\n\n<div class=\"wp-block-ic-blocks-slide undefined\">\n<div class=\"wp-block-columns columns-border is-layout-flex wp-container-core-columns-is-layout-9d6595d7 wp-block-columns-is-layout-flex\" style=\"border-radius:0\">\n<div class=\"wp-block-column is-layout-flow wp-block-column-is-layout-flow\"><div class=\"wp-block-image\">\n<figure class=\"aligncenter size-full is-resized\"><img loading=\"lazy\" decoding=\"async\" width=\"800\" height=\"782\" src=\"https:\/\/www.idena.fr\/wp-content\/uploads\/bloc-colonnes-2011.jpg\" alt=\"bloc-colonnes-2011\" class=\"wp-image-3613\" style=\"width:321px;height:auto\" srcset=\"https:\/\/www.idena.fr\/wp-content\/uploads\/bloc-colonnes-2011.jpg 800w, https:\/\/www.idena.fr\/wp-content\/uploads\/bloc-colonnes-2011-768x751.jpg 768w\" sizes=\"auto, (max-width: 800px) 100vw, 800px\" \/><\/figure>\n<\/div>\n\n\n<h3 class=\"wp-block-heading has-white-color has-text-color has-link-color wp-elements-cbb9be98abc95bfafb06eb66d03c5512\">2011<\/h3>\n\n\n\n<p class=\"has-white-color has-text-color has-link-color wp-elements-341afd4f0e0256c27bb2b8ab4ad3eb59\">Creaci\u00f3n de la filial espa\u00f1ola &#8211; <strong>IDENA NUTRICI\u00d3N<\/strong>. IDENA tambi\u00e9n tiene filiales en Argelia y Ucrania.<\/p>\n<\/div>\n<\/div>\n<\/div>\n\n\n\n<div class=\"wp-block-ic-blocks-slide undefined\">\n<div class=\"wp-block-columns columns-border is-layout-flex wp-container-core-columns-is-layout-9d6595d7 wp-block-columns-is-layout-flex\" style=\"border-radius:0\">\n<div class=\"wp-block-column is-layout-flow wp-block-column-is-layout-flow\">\n<figure class=\"wp-block-image size-full\"><img loading=\"lazy\" decoding=\"async\" width=\"800\" height=\"450\" src=\"https:\/\/www.idena.fr\/wp-content\/uploads\/bloc-colonnes-2013.jpg\" alt=\"bloc-colonnes-2013\" class=\"wp-image-3611\" srcset=\"https:\/\/www.idena.fr\/wp-content\/uploads\/bloc-colonnes-2013.jpg 800w, https:\/\/www.idena.fr\/wp-content\/uploads\/bloc-colonnes-2013-768x432.jpg 768w\" sizes=\"auto, (max-width: 800px) 100vw, 800px\" \/><\/figure>\n\n\n\n<h3 class=\"wp-block-heading has-white-color has-text-color has-link-color wp-elements-8fd54e96223e7c5d95eaccdd31c63331\">2013<\/h3>\n\n\n\n<p class=\"has-white-color has-text-color has-link-color wp-elements-9f92759ee71da6db65a86fb65b92bbf1\">La capacidad de producci\u00f3n de la planta se queda peque\u00f1a. Se emprenden obras de ampliaci\u00f3n.<\/p>\n<\/div>\n<\/div>\n<\/div>\n\n\n\n<div class=\"wp-block-ic-blocks-slide undefined\">\n<div class=\"wp-block-columns columns-border is-layout-flex wp-container-core-columns-is-layout-9d6595d7 wp-block-columns-is-layout-flex\" style=\"border-radius:0\">\n<div class=\"wp-block-column is-layout-flow wp-block-column-is-layout-flow\">\n<figure class=\"wp-block-image size-full\"><img loading=\"lazy\" decoding=\"async\" width=\"800\" height=\"450\" src=\"https:\/\/www.idena.fr\/wp-content\/uploads\/bloc-colonnes-2020.jpg\" alt=\"bloc-colonnes-2020\" class=\"wp-image-3614\" srcset=\"https:\/\/www.idena.fr\/wp-content\/uploads\/bloc-colonnes-2020.jpg 800w, https:\/\/www.idena.fr\/wp-content\/uploads\/bloc-colonnes-2020-768x432.jpg 768w\" sizes=\"auto, (max-width: 800px) 100vw, 800px\" \/><\/figure>\n\n\n\n<h3 class=\"wp-block-heading has-white-color has-text-color has-link-color wp-elements-8efccf2602285f90f8548a7674101eb2\">Noviembre de 2020<\/h3>\n\n\n\n<p class=\"has-white-color has-text-color has-link-color wp-elements-b72d68bc4fc5607f894ac27f8121ba38\">Adquisici\u00f3n de <strong>STI biotechnologie<\/strong>, especialista en aditivos a base de bacterias l\u00e1cticas.<\/p>\n<\/div>\n<\/div>\n<\/div>\n\n\n\n<div class=\"wp-block-ic-blocks-slide undefined\">\n<div class=\"wp-block-columns columns-border is-layout-flex wp-container-core-columns-is-layout-9d6595d7 wp-block-columns-is-layout-flex\" style=\"border-radius:0\">\n<div class=\"wp-block-column is-layout-flow wp-block-column-is-layout-flow\">\n<figure class=\"wp-block-image size-full is-resized\"><img loading=\"lazy\" decoding=\"async\" width=\"800\" height=\"585\" src=\"https:\/\/www.idena.fr\/wp-content\/uploads\/bloc-colonnes-2023.jpg\" alt=\"bloc-colonnes-2023\" class=\"wp-image-3615\" style=\"width:401px;height:auto\" srcset=\"https:\/\/www.idena.fr\/wp-content\/uploads\/bloc-colonnes-2023.jpg 800w, https:\/\/www.idena.fr\/wp-content\/uploads\/bloc-colonnes-2023-768x562.jpg 768w\" sizes=\"auto, (max-width: 800px) 100vw, 800px\" \/><\/figure>\n\n\n\n<h3 class=\"wp-block-heading has-white-color has-text-color has-link-color wp-elements-58c26b634607b07a932cee11a16bd07a\">Diciembre de 2023<\/h3>\n\n\n\n<p class=\"has-white-color has-text-color has-link-color wp-elements-625d8662f76f4a92c9384fd5755853e8\">Adquisici\u00f3n del grupo <strong>VERTAL<\/strong>, especialista en biosoluciones para la producci\u00f3n vegetal.<\/p>\n<\/div>\n<\/div>\n<\/div>\n\n\n\n<div class=\"wp-block-ic-blocks-slide undefined\">\n<div class=\"wp-block-columns columns-border is-layout-flex wp-container-core-columns-is-layout-9d6595d7 wp-block-columns-is-layout-flex\" style=\"border-radius:0\">\n<div class=\"wp-block-column is-layout-flow wp-block-column-is-layout-flow\">\n<h3 class=\"wp-block-heading has-white-color has-text-color has-link-color wp-elements-8c240ffce9b9220cbcf72d2b6c9a6a9b\">2024<\/h3>\n\n\n\n<p class=\"has-white-color has-text-color has-link-color wp-elements-65459861502e156b44d06b31a502b4df\">El grupo cuenta ahora con 115 empleados y el 50% de sus ventas procede de la exportaci\u00f3n.<\/p>\n<\/div>\n<\/div>\n<\/div>\n<\/div><\/div>\n\n\n\n<div class=\"wp-block-ic-blocks-responsive-spacer\"><div style=\"height:100px\"><\/div><div style=\"height:50px\"><\/div><\/div>\n<\/div><\/div>\n<\/div><\/div>\n\n\n\n<div class=\"wp-block-ic-blocks-responsive-spacer\"><div style=\"height:100px\"><\/div><div style=\"height:50px\"><\/div><\/div>\n","protected":false},"excerpt":{"rendered":"<p>Nuestra historia, nuestra herencia Fundada en 1995 en un contexto sanitario turbulento, IDENA interviene directamente en la cadena alimentaria y lucha por una alimentaci\u00f3n animal m\u00e1s sana y de mejor calidad, que respete el equilibrio entre la naturaleza, los animales y el hombre. IDENA ha sabido asentar sus fundamentos y convicciones en el mercado de [&hellip;]<\/p>\n","protected":false},"author":1,"featured_media":0,"parent":0,"menu_order":0,"comment_status":"closed","ping_status":"closed","template":"","meta":{"_acf_changed":false,"inline_featured_image":false,"footnotes":""},"class_list":["post-5532","page","type-page","status-publish","hentry"],"acf":[],"mb":[],"yoast_head":"<!-- This site is optimized with the Yoast SEO plugin v27.0 - https:\/\/yoast.com\/product\/yoast-seo-wordpress\/ -->\n<title>IDENA: 30 a\u00f1os de innovaci\u00f3n en nutrici\u00f3n animal | Idena<\/title>\n<meta name=\"description\" content=\"IDENA: una historia de pasi\u00f3n e innovaci\u00f3n en nutrici\u00f3n animal. Descubra nuestros 30 a\u00f1os de compromiso con soluciones sostenibles y nuestra experiencia.\" \/>\n<meta name=\"robots\" content=\"index, follow, max-snippet:-1, max-image-preview:large, max-video-preview:-1\" \/>\n<link rel=\"canonical\" href=\"https:\/\/www.idena.fr\/es\/nuestra-historia\/\" \/>\n<meta property=\"og:locale\" content=\"es_ES\" \/>\n<meta property=\"og:type\" content=\"article\" \/>\n<meta property=\"og:title\" content=\"IDENA: 30 a\u00f1os de innovaci\u00f3n en nutrici\u00f3n animal | Idena\" \/>\n<meta property=\"og:description\" content=\"IDENA: una historia de pasi\u00f3n e innovaci\u00f3n en nutrici\u00f3n animal. Descubra nuestros 30 a\u00f1os de compromiso con soluciones sostenibles y nuestra experiencia.\" \/>\n<meta property=\"og:url\" content=\"https:\/\/www.idena.fr\/es\/nuestra-historia\/\" \/>\n<meta property=\"og:site_name\" content=\"Idena\" \/>\n<meta property=\"article:modified_time\" content=\"2025-03-03T16:15:58+00:00\" \/>\n<meta property=\"og:image\" content=\"https:\/\/www.idena.fr\/wp-content\/uploads\/header-histoire.png\" \/>\n\t<meta property=\"og:image:width\" content=\"1230\" \/>\n\t<meta property=\"og:image:height\" content=\"794\" \/>\n\t<meta property=\"og:image:type\" content=\"image\/png\" \/>\n<meta name=\"twitter:card\" content=\"summary_large_image\" \/>\n<meta name=\"twitter:label1\" content=\"Tiempo de lectura\" \/>\n\t<meta name=\"twitter:data1\" content=\"6 minutos\" \/>\n<script type=\"application\/ld+json\" class=\"yoast-schema-graph\">{\"@context\":\"https:\/\/schema.org\",\"@graph\":[{\"@type\":\"WebPage\",\"@id\":\"https:\/\/www.idena.fr\/es\/nuestra-historia\/\",\"url\":\"https:\/\/www.idena.fr\/es\/nuestra-historia\/\",\"name\":\"IDENA: 30 a\u00f1os de innovaci\u00f3n en nutrici\u00f3n animal | Idena\",\"isPartOf\":{\"@id\":\"https:\/\/idena-wordpress-web.dev.imcr.dev\/#website\"},\"primaryImageOfPage\":{\"@id\":\"https:\/\/www.idena.fr\/es\/nuestra-historia\/#primaryimage\"},\"image\":{\"@id\":\"https:\/\/www.idena.fr\/es\/nuestra-historia\/#primaryimage\"},\"thumbnailUrl\":\"https:\/\/www.idena.fr\/wp-content\/uploads\/header-histoire.png\",\"datePublished\":\"2024-08-14T09:44:19+00:00\",\"dateModified\":\"2025-03-03T16:15:58+00:00\",\"description\":\"IDENA: una historia de pasi\u00f3n e innovaci\u00f3n en nutrici\u00f3n animal. Descubra nuestros 30 a\u00f1os de compromiso con soluciones sostenibles y nuestra experiencia.\",\"breadcrumb\":{\"@id\":\"https:\/\/www.idena.fr\/es\/nuestra-historia\/#breadcrumb\"},\"inLanguage\":\"es\",\"potentialAction\":[{\"@type\":\"ReadAction\",\"target\":[\"https:\/\/www.idena.fr\/es\/nuestra-historia\/\"]}]},{\"@type\":\"ImageObject\",\"inLanguage\":\"es\",\"@id\":\"https:\/\/www.idena.fr\/es\/nuestra-historia\/#primaryimage\",\"url\":\"https:\/\/www.idena.fr\/wp-content\/uploads\/header-histoire.png\",\"contentUrl\":\"https:\/\/www.idena.fr\/wp-content\/uploads\/header-histoire.png\"},{\"@type\":\"BreadcrumbList\",\"@id\":\"https:\/\/www.idena.fr\/es\/nuestra-historia\/#breadcrumb\",\"itemListElement\":[{\"@type\":\"ListItem\",\"position\":1,\"name\":\"Accueil\",\"item\":\"https:\/\/www.idena.fr\/es\/\"},{\"@type\":\"ListItem\",\"position\":2,\"name\":\"Nuestra historia\"}]},{\"@type\":\"WebSite\",\"@id\":\"https:\/\/idena-wordpress-web.dev.imcr.dev\/#website\",\"url\":\"https:\/\/idena-wordpress-web.dev.imcr.dev\/\",\"name\":\"Idena\",\"description\":\"\",\"publisher\":{\"@id\":\"https:\/\/idena-wordpress-web.dev.imcr.dev\/#organization\"},\"potentialAction\":[{\"@type\":\"SearchAction\",\"target\":{\"@type\":\"EntryPoint\",\"urlTemplate\":\"https:\/\/idena-wordpress-web.dev.imcr.dev\/?s={search_term_string}\"},\"query-input\":{\"@type\":\"PropertyValueSpecification\",\"valueRequired\":true,\"valueName\":\"search_term_string\"}}],\"inLanguage\":\"es\"},{\"@type\":\"Organization\",\"@id\":\"https:\/\/idena-wordpress-web.dev.imcr.dev\/#organization\",\"name\":\"Idena\",\"url\":\"https:\/\/idena-wordpress-web.dev.imcr.dev\/\",\"logo\":{\"@type\":\"ImageObject\",\"inLanguage\":\"es\",\"@id\":\"https:\/\/idena-wordpress-web.dev.imcr.dev\/#\/schema\/logo\/image\/\",\"url\":\"https:\/\/www.idena.fr\/wp-content\/uploads\/logo-idena-1.svg\",\"contentUrl\":\"https:\/\/www.idena.fr\/wp-content\/uploads\/logo-idena-1.svg\",\"width\":393,\"height\":106,\"caption\":\"Idena\"},\"image\":{\"@id\":\"https:\/\/idena-wordpress-web.dev.imcr.dev\/#\/schema\/logo\/image\/\"}}]}<\/script>\n<!-- \/ Yoast SEO plugin. -->","yoast_head_json":{"title":"IDENA: 30 a\u00f1os de innovaci\u00f3n en nutrici\u00f3n animal | Idena","description":"IDENA: una historia de pasi\u00f3n e innovaci\u00f3n en nutrici\u00f3n animal. Descubra nuestros 30 a\u00f1os de compromiso con soluciones sostenibles y nuestra experiencia.","robots":{"index":"index","follow":"follow","max-snippet":"max-snippet:-1","max-image-preview":"max-image-preview:large","max-video-preview":"max-video-preview:-1"},"canonical":"https:\/\/www.idena.fr\/es\/nuestra-historia\/","og_locale":"es_ES","og_type":"article","og_title":"IDENA: 30 a\u00f1os de innovaci\u00f3n en nutrici\u00f3n animal | Idena","og_description":"IDENA: una historia de pasi\u00f3n e innovaci\u00f3n en nutrici\u00f3n animal. Descubra nuestros 30 a\u00f1os de compromiso con soluciones sostenibles y nuestra experiencia.","og_url":"https:\/\/www.idena.fr\/es\/nuestra-historia\/","og_site_name":"Idena","article_modified_time":"2025-03-03T16:15:58+00:00","og_image":[{"width":1230,"height":794,"url":"https:\/\/www.idena.fr\/wp-content\/uploads\/header-histoire.png","type":"image\/png"}],"twitter_card":"summary_large_image","twitter_misc":{"Tiempo de lectura":"6 minutos"},"schema":{"@context":"https:\/\/schema.org","@graph":[{"@type":"WebPage","@id":"https:\/\/www.idena.fr\/es\/nuestra-historia\/","url":"https:\/\/www.idena.fr\/es\/nuestra-historia\/","name":"IDENA: 30 a\u00f1os de innovaci\u00f3n en nutrici\u00f3n animal | Idena","isPartOf":{"@id":"https:\/\/idena-wordpress-web.dev.imcr.dev\/#website"},"primaryImageOfPage":{"@id":"https:\/\/www.idena.fr\/es\/nuestra-historia\/#primaryimage"},"image":{"@id":"https:\/\/www.idena.fr\/es\/nuestra-historia\/#primaryimage"},"thumbnailUrl":"https:\/\/www.idena.fr\/wp-content\/uploads\/header-histoire.png","datePublished":"2024-08-14T09:44:19+00:00","dateModified":"2025-03-03T16:15:58+00:00","description":"IDENA: una historia de pasi\u00f3n e innovaci\u00f3n en nutrici\u00f3n animal. Descubra nuestros 30 a\u00f1os de compromiso con soluciones sostenibles y nuestra experiencia.","breadcrumb":{"@id":"https:\/\/www.idena.fr\/es\/nuestra-historia\/#breadcrumb"},"inLanguage":"es","potentialAction":[{"@type":"ReadAction","target":["https:\/\/www.idena.fr\/es\/nuestra-historia\/"]}]},{"@type":"ImageObject","inLanguage":"es","@id":"https:\/\/www.idena.fr\/es\/nuestra-historia\/#primaryimage","url":"https:\/\/www.idena.fr\/wp-content\/uploads\/header-histoire.png","contentUrl":"https:\/\/www.idena.fr\/wp-content\/uploads\/header-histoire.png"},{"@type":"BreadcrumbList","@id":"https:\/\/www.idena.fr\/es\/nuestra-historia\/#breadcrumb","itemListElement":[{"@type":"ListItem","position":1,"name":"Accueil","item":"https:\/\/www.idena.fr\/es\/"},{"@type":"ListItem","position":2,"name":"Nuestra historia"}]},{"@type":"WebSite","@id":"https:\/\/idena-wordpress-web.dev.imcr.dev\/#website","url":"https:\/\/idena-wordpress-web.dev.imcr.dev\/","name":"Idena","description":"","publisher":{"@id":"https:\/\/idena-wordpress-web.dev.imcr.dev\/#organization"},"potentialAction":[{"@type":"SearchAction","target":{"@type":"EntryPoint","urlTemplate":"https:\/\/idena-wordpress-web.dev.imcr.dev\/?s={search_term_string}"},"query-input":{"@type":"PropertyValueSpecification","valueRequired":true,"valueName":"search_term_string"}}],"inLanguage":"es"},{"@type":"Organization","@id":"https:\/\/idena-wordpress-web.dev.imcr.dev\/#organization","name":"Idena","url":"https:\/\/idena-wordpress-web.dev.imcr.dev\/","logo":{"@type":"ImageObject","inLanguage":"es","@id":"https:\/\/idena-wordpress-web.dev.imcr.dev\/#\/schema\/logo\/image\/","url":"https:\/\/www.idena.fr\/wp-content\/uploads\/logo-idena-1.svg","contentUrl":"https:\/\/www.idena.fr\/wp-content\/uploads\/logo-idena-1.svg","width":393,"height":106,"caption":"Idena"},"image":{"@id":"https:\/\/idena-wordpress-web.dev.imcr.dev\/#\/schema\/logo\/image\/"}}]}},"mfb_rest_fields":["title","yoast_head","yoast_head_json"],"_links":{"self":[{"href":"https:\/\/www.idena.fr\/es\/wp-json\/wp\/v2\/pages\/5532","targetHints":{"allow":["GET"]}}],"collection":[{"href":"https:\/\/www.idena.fr\/es\/wp-json\/wp\/v2\/pages"}],"about":[{"href":"https:\/\/www.idena.fr\/es\/wp-json\/wp\/v2\/types\/page"}],"author":[{"embeddable":true,"href":"https:\/\/www.idena.fr\/es\/wp-json\/wp\/v2\/users\/1"}],"replies":[{"embeddable":true,"href":"https:\/\/www.idena.fr\/es\/wp-json\/wp\/v2\/comments?post=5532"}],"version-history":[{"count":1,"href":"https:\/\/www.idena.fr\/es\/wp-json\/wp\/v2\/pages\/5532\/revisions"}],"predecessor-version":[{"id":5635,"href":"https:\/\/www.idena.fr\/es\/wp-json\/wp\/v2\/pages\/5532\/revisions\/5635"}],"wp:attachment":[{"href":"https:\/\/www.idena.fr\/es\/wp-json\/wp\/v2\/media?parent=5532"}],"curies":[{"name":"wp","href":"https:\/\/api.w.org\/{rel}","templated":true}]}}