{"id":5111,"date":"2024-08-14T15:47:07","date_gmt":"2024-08-14T13:47:07","guid":{"rendered":"https:\/\/www.idena.fr\/?page_id=5111"},"modified":"2026-04-28T17:05:22","modified_gmt":"2026-04-28T15:05:22","slug":"grupul","status":"publish","type":"page","link":"https:\/\/www.idena.fr\/ro\/grupul\/","title":{"rendered":"Grupului"},"content":{"rendered":"\n<div class=\"wp-block-group alignwide header-page has-primary-10-background-color has-background animate__fadeInUp animation-extend paused animate__animated\" style=\"padding-top:0;padding-bottom:0;border-radius:0\"><div class=\"wp-block-group__inner-container is-layout-constrained wp-block-group-is-layout-constrained\">\n<div class=\"wp-block-media-text alignwide has-media-on-the-right is-stacked-on-mobile is-image-fill-element reverse-mobile\"><div class=\"wp-block-media-text__content\">\n<div class=\"wp-block-group animate__fadeInUp animation-extend paused animate__animated\" style=\"border-radius:0\"><div class=\"wp-block-group__inner-container is-layout-constrained wp-block-group-is-layout-constrained\">\n<h1 class=\"wp-block-heading has-neutral-100-color has-text-color has-link-color icone-dizzy wp-elements-6ede8e0b9e2983973c4b3b1a1d885c45\">Anticiparea \u0219i sus\u021binerea durabil\u0103 a viitorului <mark style=\"background-color:rgba(0, 0, 0, 0)\" class=\"has-inline-color has-white-color\">produc\u021biei vegetale \u0219i animale<\/mark> pentru viitorul nostru al tuturor<\/h1>\n<\/div><\/div>\n<\/div><figure class=\"wp-block-media-text__media\"><img loading=\"lazy\" decoding=\"async\" width=\"1300\" height=\"974\" src=\"https:\/\/www.idena.fr\/wp-content\/uploads\/header-2.jpg\" alt=\"Header (2)\" class=\"wp-image-3546 size-full\" style=\"object-position:50% 50%\" srcset=\"https:\/\/www.idena.fr\/wp-content\/uploads\/header-2.jpg 1300w, https:\/\/www.idena.fr\/wp-content\/uploads\/header-2-768x575.jpg 768w\" sizes=\"auto, (max-width: 1300px) 100vw, 1300px\" \/><\/figure><\/div>\n<\/div><\/div>\n\n\n\n<div class=\"wp-block-ic-blocks-responsive-spacer\"><div style=\"height:70px\"><\/div><div style=\"height:40px\"><\/div><\/div>\n\n\n\n<div class=\"wp-block-group animate__fadeInUp animation-extend paused animate__animated\" style=\"border-radius:0\"><div class=\"wp-block-group__inner-container is-layout-constrained wp-block-group-is-layout-constrained\">\n<h2 class=\"wp-block-heading has-text-align-center \">Un grup structurat \u00een jurul unor competen\u021be complementare<\/h2>\n\n\n\n<p class=\"is-style-intro\">Grupul IDENA reune\u0219te mai multe entit\u0103\u021bi specializate, unite \u00een jurul unei viziuni \u0219i a unei <strong>misiuni comune<\/strong>.<\/p>\n\n\n\n<p class=\"is-style-intro\"><strong>Fiecare filial\u0103 a Grupului dispune de un know-how specific<\/strong> \u0219i r\u0103spunde unor provoc\u0103ri profesionale precise, integr\u00e2ndu-se \u00een acela\u0219i timp \u00eentr-o dinamic\u0103 colectiv\u0103. Acest lucru permite Grupului IDENA s\u0103 <strong>propun\u0103 solu\u021bii adaptate, s\u0103 stimuleze inovarea,<\/strong> baz\u00e2ndu-se pe <strong>complementaritatea competen\u021belor sale<\/strong>.<\/p>\n\n\n\n<p class=\"is-style-intro\">Grupul se bazeaz\u0103 pe o structur\u0103 central\u0103 solid\u0103, care asigur\u0103 coeren\u021ba strategic\u0103, \u00eenso\u021be\u0219te dezvoltarea filialelor \u0219i favorizeaz\u0103 sinergiile \u00eentre expertize. Acest lucru permite fiec\u0103rei entit\u0103\u021bi s\u0103 se concentreze pe deplin asupra activit\u0103\u021bii sale principale, beneficiind \u00een acela\u0219i timp de stabilitatea, experien\u021ba \u0219i viziunea pe termen lung a Grupului.<\/p>\n\n\n\n<p class=\"is-style-intro\">Datorit\u0103 acestei organiz\u0103ri, Grupul IDENA evolueaz\u0103 ca un ecosistem de expertize complementare, capabil s\u0103-\u0219i \u00eenso\u021beasc\u0103 \u00een mod durabil clien\u021bii, partenerii \u0219i colaboratorii.<\/p>\n\n\n\n<div class=\"wp-block-ic-blocks-responsive-spacer\"><div style=\"height:70px\"><\/div><div style=\"height:40px\"><\/div><\/div>\n\n\n\n<h2 class=\"wp-block-heading has-text-align-center icone-briefcase\">Filialele noastre<\/h2>\n\n\n\n<div class=\"wp-block-ic-blocks-slider no-auto-height  on-mobile on-desktop slider col-mob-1 col-desk-3 hide-out-mobile hide-out-desktop hide-inline\" data-spacing-mobile=\"40\" data-spacing-desktop=\"30\" data-effect=\"slide\" data-speed=\"600\" data-delay=\"3000\" data-loop=\"true\"><div class=\"swiper-wrapper\">\n<div class=\"wp-block-ic-blocks-slide undefined\">\n<div class=\"wp-block-columns columns-border is-layout-flex wp-container-core-columns-is-layout-9d6595d7 wp-block-columns-is-layout-flex\" style=\"border-radius:0\">\n<div class=\"wp-block-column is-vertically-aligned-stretch is-layout-flow wp-block-column-is-layout-flow\">\n<figure class=\"wp-block-image size-full\"><img loading=\"lazy\" decoding=\"async\" width=\"800\" height=\"782\" src=\"https:\/\/www.idena.fr\/wp-content\/uploads\/idena-production.png\" alt=\"idena-production\" class=\"wp-image-3547\" srcset=\"https:\/\/www.idena.fr\/wp-content\/uploads\/idena-production.png 800w, https:\/\/www.idena.fr\/wp-content\/uploads\/idena-production-768x751.png 768w\" sizes=\"auto, (max-width: 800px) 100vw, 800px\" \/><\/figure>\n\n\n\n<h3 class=\"wp-block-heading \">IDENA PRODUCTION, primul pas<\/h3>\n\n\n\n<p>La 6 ani de la crearea IDENA, \u00een 2001, <strong>IDENA PRODUCTION<\/strong> \u0219i-a deschis por\u021bile. Conceput\u0103 ca o descoperire tehnologic\u0103, aceast\u0103 fabric\u0103, care a suferit de atunci 2 extinderi majore, \u00eentruchipeaz\u0103 <strong>spiritul de inovare \u0219i diferen\u021biere.<\/strong>&nbsp;<br>Dorin\u021ba de a proiecta fabrica \u00een mod diferit \u0219i din ce \u00een ce mai sigur provine din contextul deosebit de tensionat creat de crizele sanitare majore. Ast\u0103zi, acest proces continu\u0103 s\u0103 <strong>minimizeze riscul de contaminare <\/strong>&nbsp;\u00eencruci\u0219at\u0103, oferind procese mai sigure \u0219i mai eficiente.<\/p>\n<\/div>\n<\/div>\n<\/div>\n\n\n\n<div class=\"wp-block-ic-blocks-slide undefined\">\n<div class=\"wp-block-columns columns-border is-layout-flex wp-container-core-columns-is-layout-9d6595d7 wp-block-columns-is-layout-flex\" style=\"border-radius:0\">\n<div class=\"wp-block-column is-vertically-aligned-stretch is-layout-flow wp-block-column-is-layout-flow\">\n<figure class=\"wp-block-image size-full\"><img loading=\"lazy\" decoding=\"async\" width=\"800\" height=\"243\" src=\"https:\/\/www.idena.fr\/wp-content\/uploads\/secopalm.png\" alt=\"secopalm\" class=\"wp-image-3548\" srcset=\"https:\/\/www.idena.fr\/wp-content\/uploads\/secopalm.png 800w, https:\/\/www.idena.fr\/wp-content\/uploads\/secopalm-768x233.png 768w\" sizes=\"auto, (max-width: 800px) 100vw, 800px\" \/><\/figure>\n\n\n\n<h3 class=\"wp-block-heading \">SECOPALM, expertiz\u0103 \u00een serviciul fermelor zootehnice<\/h3>\n\n\n\n<p>\u00cen 2001 a luat na\u0219tere \u0219i o nou\u0103 filial\u0103 pentru Grupul IDENA.<\/p>\n\n\n\n<p><br><strong>SECOPALM<\/strong>, cu sediul la Aire sur L&#8217;Adour \u00een regiunea Landes din Fran\u021ba, reune\u0219te o echip\u0103 de entuzia\u0219ti care lucreaz\u0103 direct <strong>cu cresc\u0103torii de animale<\/strong>.<\/p>\n\n\n\n<p><br>Specializat \u00een p\u0103s\u0103ri de curte \u0219i rumeg\u0103toare, SECOPALM ofer\u0103 consultan\u021b\u0103 tehnic\u0103, produse nutri\u021bionale performante \u0219i servicii exclusive \u0219i originale pentru <strong>a v\u0103 sprijini produc\u021bia animal\u0103<\/strong>.&nbsp;<\/p>\n<\/div>\n<\/div>\n<\/div>\n\n\n\n<div class=\"wp-block-ic-blocks-slide undefined\">\n<div class=\"wp-block-columns columns-border is-layout-flex wp-container-core-columns-is-layout-9d6595d7 wp-block-columns-is-layout-flex\" style=\"border-radius:0\">\n<div class=\"wp-block-column is-vertically-aligned-stretch is-layout-flow wp-block-column-is-layout-flow\">\n<figure class=\"wp-block-image size-full\"><img loading=\"lazy\" decoding=\"async\" width=\"800\" height=\"782\" src=\"https:\/\/www.idena.fr\/wp-content\/uploads\/idena-nutricion.png\" alt=\"idena-nutricion\" class=\"wp-image-3549\" srcset=\"https:\/\/www.idena.fr\/wp-content\/uploads\/idena-nutricion.png 800w, https:\/\/www.idena.fr\/wp-content\/uploads\/idena-nutricion-768x751.png 768w\" sizes=\"auto, (max-width: 800px) 100vw, 800px\" \/><\/figure>\n\n\n\n<h3 class=\"wp-block-heading \">IDENA Nutrici\u00f3n, cucerirea lumii vorbitoare de spaniol\u0103<\/h3>\n\n\n\n<p>Filiala spaniol\u0103 a fost creat\u0103 \u00een 2011.<\/p>\n\n\n\n<p>Exper\u021bii no\u0219tri spanioli sunt pe teren pentru a v\u0103 ajuta s\u0103 alege\u021bi cele mai bune solu\u021bii IDENA pentru <strong>fermele de porcine, bovine \u0219i p\u0103s\u0103ri.<\/strong>&nbsp;<\/p>\n<\/div>\n<\/div>\n<\/div>\n\n\n\n<div class=\"wp-block-ic-blocks-slide undefined\">\n<div class=\"wp-block-columns columns-border is-layout-flex wp-container-core-columns-is-layout-9d6595d7 wp-block-columns-is-layout-flex\" style=\"border-radius:0\">\n<div class=\"wp-block-column is-vertically-aligned-stretch is-layout-flow wp-block-column-is-layout-flow\">\n<figure class=\"wp-block-image size-full\"><img loading=\"lazy\" decoding=\"async\" width=\"800\" height=\"569\" src=\"https:\/\/www.idena.fr\/wp-content\/uploads\/indy-feed.jpg\" alt=\"indy-feed\" class=\"wp-image-3550\" srcset=\"https:\/\/www.idena.fr\/wp-content\/uploads\/indy-feed.jpg 800w, https:\/\/www.idena.fr\/wp-content\/uploads\/indy-feed-768x546.jpg 768w\" sizes=\"auto, (max-width: 800px) 100vw, 800px\" \/><\/figure>\n\n\n\n<h3 class=\"wp-block-heading \">INDY FEED, v\u0103 sprijin\u0103 de la embrion la \u0219unc\u0103<\/h3>\n\n\n\n<p><strong>INDY FEED<\/strong> este o filial\u0103 a Grupului IDENA, aproape de teren, specializat\u0103 \u00een <strong>produc\u021bia de porci<\/strong>.<br>Echipa noastr\u0103 de nutri\u021bioni\u0219ti receptivi promite solu\u021bii <strong>partenerilor no\u0219tri de cre\u0219tere<\/strong> pentru a asigura performan\u021ba fermelor lor.<\/p>\n\n\n\n<p><br>Gama INDY FEED este <strong>compus\u0103 din specialit\u0103\u021bi nutri\u021bionale \u0219i o gam\u0103 complet\u0103 de minerale personalizate<\/strong>, \u00een func\u021bie de contextul de cre\u0219tere.&nbsp;&nbsp;<\/p>\n\n\n\n<p>&nbsp; &nbsp;<\/p>\n<\/div>\n<\/div>\n<\/div>\n\n\n\n<div class=\"wp-block-ic-blocks-slide undefined\">\n<div class=\"wp-block-columns columns-border is-layout-flex wp-container-core-columns-is-layout-9d6595d7 wp-block-columns-is-layout-flex\" style=\"border-radius:0\">\n<div class=\"wp-block-column is-vertically-aligned-stretch is-layout-flow wp-block-column-is-layout-flow\">\n<figure class=\"wp-block-image size-full\"><img loading=\"lazy\" decoding=\"async\" width=\"800\" height=\"450\" src=\"https:\/\/www.idena.fr\/wp-content\/uploads\/sti-biotechnologie.png\" alt=\"sti-biotechnologie\" class=\"wp-image-3551\" srcset=\"https:\/\/www.idena.fr\/wp-content\/uploads\/sti-biotechnologie.png 800w, https:\/\/www.idena.fr\/wp-content\/uploads\/sti-biotechnologie-768x432.png 768w\" sizes=\"auto, (max-width: 800px) 100vw, 800px\" \/><\/figure>\n\n\n\n<h3 class=\"wp-block-heading \"><a href=\"https:\/\/www.sti-biotechnologie.fr\/\">STI biotechnologie<\/a>, \u0219tiin\u021ba vie\u021bii&nbsp;&nbsp;<\/h3>\n\n\n\n<p>Av\u00e2nd sediul \u00een Bretania, \u00een apropiere de Foug\u00e8res, <strong>STI biotechnologie<\/strong> ofer\u0103 grupului expertiz\u0103 suplimentar\u0103 \u00een <strong>gestionarea florei digestive. <\/strong>&nbsp;<br>Principalele obiective ale STI biotechnologie sunt s\u0103 contribuie la durabilitatea fermelor noastre de cre\u0219tere a animalelor, s\u0103 promoveze bun\u0103starea animalelor \u0219i s\u0103 \u00eembun\u0103t\u0103\u021beasc\u0103 amprenta noastr\u0103 de carbon.<br>Produsele fabricate de instala\u021bia STI biotechnologie sunt <strong>probiotice \u0219i postbiotice<\/strong>, care ofer\u0103 beneficii pentru s\u0103n\u0103tate \u0219i mediu.<br>Cu aceste 2 tulpini de lactobacillus, STI biotechnologie ac\u021bioneaz\u0103 nu numai asupra produc\u021biei animale, ci \u0219i asupra produc\u021biei agroecologice (conservare, efluen\u021bi, agronomie).<br>Cu aceste 2 tulpini de lactobacillus, STI biotechnologie ac\u021bioneaz\u0103 nu numai asupra produc\u021biei animale, ci \u0219i asupra produc\u021biei agroecologice (conservare, efluen\u021bi, agronomie).&nbsp;<\/p>\n<\/div>\n<\/div>\n<\/div>\n\n\n\n<div class=\"wp-block-ic-blocks-slide undefined\">\n<div class=\"wp-block-columns columns-border is-layout-flex wp-container-core-columns-is-layout-9d6595d7 wp-block-columns-is-layout-flex\" style=\"border-radius:0\">\n<div class=\"wp-block-column is-vertically-aligned-stretch is-layout-flow wp-block-column-is-layout-flow\">\n<figure class=\"wp-block-image size-full\"><img loading=\"lazy\" decoding=\"async\" width=\"800\" height=\"585\" src=\"https:\/\/www.idena.fr\/wp-content\/uploads\/vertal.jpg\" alt=\"vertal\" class=\"wp-image-3552\" srcset=\"https:\/\/www.idena.fr\/wp-content\/uploads\/vertal.jpg 800w, https:\/\/www.idena.fr\/wp-content\/uploads\/vertal-768x562.jpg 768w\" sizes=\"auto, (max-width: 800px) 100vw, 800px\" \/><\/figure>\n\n\n\n<h3 class=\"wp-block-heading \">Din 2023 \u0219i achizi\u021bia <a href=\"https:\/\/www.vertal.fr\/\">VE<\/a><a href=\"https:\/\/www.vertal.fr\/\" target=\"_blank\" rel=\"noreferrer noopener\">RTAL<\/a><\/h3>\n\n\n\n<p>La sf\u00e2r\u0219itul anului 2023, <strong>Grupul <a href=\"http:\/\/google.com\/search?q=vertal&amp;rlz=1C1GCEA_enFR1209FR1210&amp;oq=vertal&amp;gs_lcrp=EgZjaHJvbWUqDggAEEUYJxg7GIAEGIoFMg4IABBFGCcYOxiABBiKBTIMCAEQABhDGIAEGIoFMgwIAhAAGEMYgAQYigUyEggDEAAYQxiDARixAxiABBiKBTIGCAQQRRhBMgYIBRBFGD0yBggGEEUYQTIGCAcQRRhB0gEHODQ3ajBqN6gCALACAA&amp;sourceid=chrome&amp;ie=UTF-8\" type=\"link\" id=\"google.com\/search?q=vertal&amp;rlz=1C1GCEA_enFR1209FR1210&amp;oq=vertal&amp;gs_lcrp=EgZjaHJvbWUqDggAEEUYJxg7GIAEGIoFMg4IABBFGCcYOxiABBiKBTIMCAEQABhDGIAEGIoFMgwIAhAAGEMYgAQYigUyEggDEAAYQxiDARixAxiABBiKBTIGCAQQRRhBMgYIBRBFGD0yBggGEEUYQTIGCAcQRRhB0gEHODQ3ajBqN6gCALACAA&amp;sourceid=chrome&amp;ie=UTF-8\" target=\"_blank\" rel=\"noreferrer noopener\">VERTAL<\/a>, un proiectant \u0219i produc\u0103tor de biosolu\u021bii agricole<\/strong>, s-a al\u0103turat Grupului IDENA. Aceast\u0103 achizi\u021bie a oferit Grupului o <strong>expertiz\u0103 agronomic\u0103<\/strong> sporit\u0103 pentru a dezvolta solu\u021bii pentru profesioni\u0219tii din agricultur\u0103 \u0219i cre\u0219terea animalelor.<\/p>\n\n\n\n<p>VERTAL este specializat \u00een produse agronomice: activatori de sol \u0219i efluen\u021bi \u0219i \u00eengr\u0103\u0219\u0103minte foliare.<\/p>\n\n\n\n<p>Ace\u0219tia \u00ee\u0219i dezvolt\u0103 produsele cu o <strong>abordare agroecologic\u0103 pentru sol \u0219i organismele vii<\/strong>, care promoveaz\u0103, de asemenea, bun\u0103starea animalelor.<\/p>\n<\/div>\n<\/div>\n<\/div>\n\n\n\n<div class=\"wp-block-ic-blocks-slide undefined\">\n<div class=\"wp-block-columns columns-border is-layout-flex wp-container-core-columns-is-layout-9d6595d7 wp-block-columns-is-layout-flex\" style=\"border-radius:0\">\n<div class=\"wp-block-column is-vertically-aligned-stretch is-layout-flow wp-block-column-is-layout-flow\">\n<figure class=\"wp-block-image size-full\"><img loading=\"lazy\" decoding=\"async\" width=\"2048\" height=\"1853\" src=\"https:\/\/www.idena.fr\/wp-content\/uploads\/idena-romania-carre-compressed-scaled.jpg\" alt=\"\" class=\"wp-image-7844\" srcset=\"https:\/\/www.idena.fr\/wp-content\/uploads\/idena-romania-carre-compressed-scaled.jpg 2048w, https:\/\/www.idena.fr\/wp-content\/uploads\/idena-romania-carre-compressed-1163x1052.jpg 1163w, https:\/\/www.idena.fr\/wp-content\/uploads\/idena-romania-carre-compressed-768x695.jpg 768w\" sizes=\"auto, (max-width: 2048px) 100vw, 2048px\" \/><\/figure>\n\n\n\n<h3 class=\"wp-block-heading \">IDENA Rom\u00e2nia, cea mai nou\u0103 filial\u0103!<\/h3>\n\n\n\n<p>\u00cenfiin\u021bat\u0103 \u00een 2025, <strong>filiala rom\u00e2neasc\u0103<\/strong> a grupului IDENA, cu sediul \u00een Sibiu, Rom\u00e2nia, permite grupului s\u0103 se implanteze strategic \u00een Europa de Est \u2013 o regiune agricol\u0103 dinamic\u0103.<\/p>\n\n\n\n<p><strong>Exper\u021bii no\u0219tri rom\u00e2ni sprijin\u0103 actorii din sectorul nutri\u021biei animale<\/strong> cu solu\u021bii inovatoare \u0219i durabile, oferindu-le \u00een acela\u0219i timp <strong>expertiz\u0103 tehnic\u0103 local\u0103<\/strong>.<\/p>\n\n\n\n<p>&nbsp; &nbsp;<\/p>\n<\/div>\n<\/div>\n<\/div>\n<\/div><\/div>\n<\/div><\/div>\n\n\n\n<div class=\"wp-block-ic-blocks-responsive-spacer\"><div style=\"height:100px\"><\/div><div style=\"height:50px\"><\/div><\/div>\n","protected":false},"excerpt":{"rendered":"<p>Anticiparea \u0219i sus\u021binerea durabil\u0103 a viitorului produc\u021biei vegetale \u0219i animale pentru viitorul nostru al tuturor Un grup structurat \u00een jurul unor competen\u021be complementare Grupul IDENA reune\u0219te mai multe entit\u0103\u021bi specializate, unite \u00een jurul unei viziuni \u0219i a unei misiuni comune. Fiecare filial\u0103 a Grupului dispune de un know-how specific \u0219i r\u0103spunde unor provoc\u0103ri profesionale precise, [&hellip;]<\/p>\n","protected":false},"author":1,"featured_media":0,"parent":0,"menu_order":0,"comment_status":"closed","ping_status":"closed","template":"","meta":{"_acf_changed":false,"inline_featured_image":false,"footnotes":""},"class_list":["post-5111","page","type-page","status-publish","hentry"],"acf":[],"mb":[],"yoast_head":"<!-- This site is optimized with the Yoast SEO plugin v27.0 - https:\/\/yoast.com\/product\/yoast-seo-wordpress\/ -->\n<title>Sprijinirea viitorului produc\u021biei vegetale \u0219i animale | Idena<\/title>\n<meta name=\"description\" content=\"Descoperi\u021bi solu\u021biile IDENA pentru nutri\u021bia animalelor \u0219i a plantelor. Expertiza noastr\u0103 \u00een zootehnie \u0219i ingrediente active botanice asigur\u0103 solu\u021bii inovatoare.\" \/>\n<meta name=\"robots\" content=\"index, follow, max-snippet:-1, max-image-preview:large, max-video-preview:-1\" \/>\n<link rel=\"canonical\" href=\"https:\/\/www.idena.fr\/ro\/grupul\/\" \/>\n<meta property=\"og:locale\" content=\"ro_RO\" \/>\n<meta property=\"og:type\" content=\"article\" \/>\n<meta property=\"og:title\" content=\"Sprijinirea viitorului produc\u021biei vegetale \u0219i animale | Idena\" \/>\n<meta property=\"og:description\" content=\"Descoperi\u021bi solu\u021biile IDENA pentru nutri\u021bia animalelor \u0219i a plantelor. Expertiza noastr\u0103 \u00een zootehnie \u0219i ingrediente active botanice asigur\u0103 solu\u021bii inovatoare.\" \/>\n<meta property=\"og:url\" content=\"https:\/\/www.idena.fr\/ro\/grupul\/\" \/>\n<meta property=\"og:site_name\" content=\"Idena\" \/>\n<meta property=\"article:modified_time\" content=\"2026-04-28T15:05:22+00:00\" \/>\n<meta property=\"og:image\" content=\"https:\/\/www.idena.fr\/wp-content\/uploads\/header-2.jpg\" \/>\n\t<meta property=\"og:image:width\" content=\"1300\" \/>\n\t<meta property=\"og:image:height\" content=\"974\" \/>\n\t<meta property=\"og:image:type\" content=\"image\/jpeg\" \/>\n<meta name=\"twitter:card\" content=\"summary_large_image\" \/>\n<meta name=\"twitter:label1\" content=\"Timp estimat pentru citire\" \/>\n\t<meta name=\"twitter:data1\" content=\"5 minute\" \/>\n<script type=\"application\/ld+json\" class=\"yoast-schema-graph\">{\"@context\":\"https:\/\/schema.org\",\"@graph\":[{\"@type\":\"WebPage\",\"@id\":\"https:\/\/www.idena.fr\/ro\/grupul\/\",\"url\":\"https:\/\/www.idena.fr\/ro\/grupul\/\",\"name\":\"Sprijinirea viitorului produc\u021biei vegetale \u0219i animale | Idena\",\"isPartOf\":{\"@id\":\"https:\/\/idena-wordpress-web.dev.imcr.dev\/#website\"},\"primaryImageOfPage\":{\"@id\":\"https:\/\/www.idena.fr\/ro\/grupul\/#primaryimage\"},\"image\":{\"@id\":\"https:\/\/www.idena.fr\/ro\/grupul\/#primaryimage\"},\"thumbnailUrl\":\"https:\/\/www.idena.fr\/wp-content\/uploads\/header-2.jpg\",\"datePublished\":\"2024-08-14T13:47:07+00:00\",\"dateModified\":\"2026-04-28T15:05:22+00:00\",\"description\":\"Descoperi\u021bi solu\u021biile IDENA pentru nutri\u021bia animalelor \u0219i a plantelor. Expertiza noastr\u0103 \u00een zootehnie \u0219i ingrediente active botanice asigur\u0103 solu\u021bii inovatoare.\",\"breadcrumb\":{\"@id\":\"https:\/\/www.idena.fr\/ro\/grupul\/#breadcrumb\"},\"inLanguage\":\"ro-RO\",\"potentialAction\":[{\"@type\":\"ReadAction\",\"target\":[\"https:\/\/www.idena.fr\/ro\/grupul\/\"]}]},{\"@type\":\"ImageObject\",\"inLanguage\":\"ro-RO\",\"@id\":\"https:\/\/www.idena.fr\/ro\/grupul\/#primaryimage\",\"url\":\"https:\/\/www.idena.fr\/wp-content\/uploads\/header-2.jpg\",\"contentUrl\":\"https:\/\/www.idena.fr\/wp-content\/uploads\/header-2.jpg\"},{\"@type\":\"BreadcrumbList\",\"@id\":\"https:\/\/www.idena.fr\/ro\/grupul\/#breadcrumb\",\"itemListElement\":[{\"@type\":\"ListItem\",\"position\":1,\"name\":\"Accueil\",\"item\":\"https:\/\/www.idena.fr\/ro\/\"},{\"@type\":\"ListItem\",\"position\":2,\"name\":\"Grupului\"}]},{\"@type\":\"WebSite\",\"@id\":\"https:\/\/idena-wordpress-web.dev.imcr.dev\/#website\",\"url\":\"https:\/\/idena-wordpress-web.dev.imcr.dev\/\",\"name\":\"Idena\",\"description\":\"\",\"publisher\":{\"@id\":\"https:\/\/idena-wordpress-web.dev.imcr.dev\/#organization\"},\"potentialAction\":[{\"@type\":\"SearchAction\",\"target\":{\"@type\":\"EntryPoint\",\"urlTemplate\":\"https:\/\/idena-wordpress-web.dev.imcr.dev\/?s={search_term_string}\"},\"query-input\":{\"@type\":\"PropertyValueSpecification\",\"valueRequired\":true,\"valueName\":\"search_term_string\"}}],\"inLanguage\":\"ro-RO\"},{\"@type\":\"Organization\",\"@id\":\"https:\/\/idena-wordpress-web.dev.imcr.dev\/#organization\",\"name\":\"Idena\",\"url\":\"https:\/\/idena-wordpress-web.dev.imcr.dev\/\",\"logo\":{\"@type\":\"ImageObject\",\"inLanguage\":\"ro-RO\",\"@id\":\"https:\/\/idena-wordpress-web.dev.imcr.dev\/#\/schema\/logo\/image\/\",\"url\":\"https:\/\/www.idena.fr\/wp-content\/uploads\/logo-idena-1.svg\",\"contentUrl\":\"https:\/\/www.idena.fr\/wp-content\/uploads\/logo-idena-1.svg\",\"width\":393,\"height\":106,\"caption\":\"Idena\"},\"image\":{\"@id\":\"https:\/\/idena-wordpress-web.dev.imcr.dev\/#\/schema\/logo\/image\/\"}}]}<\/script>\n<!-- \/ Yoast SEO plugin. -->","yoast_head_json":{"title":"Sprijinirea viitorului produc\u021biei vegetale \u0219i animale | Idena","description":"Descoperi\u021bi solu\u021biile IDENA pentru nutri\u021bia animalelor \u0219i a plantelor. Expertiza noastr\u0103 \u00een zootehnie \u0219i ingrediente active botanice asigur\u0103 solu\u021bii inovatoare.","robots":{"index":"index","follow":"follow","max-snippet":"max-snippet:-1","max-image-preview":"max-image-preview:large","max-video-preview":"max-video-preview:-1"},"canonical":"https:\/\/www.idena.fr\/ro\/grupul\/","og_locale":"ro_RO","og_type":"article","og_title":"Sprijinirea viitorului produc\u021biei vegetale \u0219i animale | Idena","og_description":"Descoperi\u021bi solu\u021biile IDENA pentru nutri\u021bia animalelor \u0219i a plantelor. Expertiza noastr\u0103 \u00een zootehnie \u0219i ingrediente active botanice asigur\u0103 solu\u021bii inovatoare.","og_url":"https:\/\/www.idena.fr\/ro\/grupul\/","og_site_name":"Idena","article_modified_time":"2026-04-28T15:05:22+00:00","og_image":[{"width":1300,"height":974,"url":"https:\/\/www.idena.fr\/wp-content\/uploads\/header-2.jpg","type":"image\/jpeg"}],"twitter_card":"summary_large_image","twitter_misc":{"Timp estimat pentru citire":"5 minute"},"schema":{"@context":"https:\/\/schema.org","@graph":[{"@type":"WebPage","@id":"https:\/\/www.idena.fr\/ro\/grupul\/","url":"https:\/\/www.idena.fr\/ro\/grupul\/","name":"Sprijinirea viitorului produc\u021biei vegetale \u0219i animale | Idena","isPartOf":{"@id":"https:\/\/idena-wordpress-web.dev.imcr.dev\/#website"},"primaryImageOfPage":{"@id":"https:\/\/www.idena.fr\/ro\/grupul\/#primaryimage"},"image":{"@id":"https:\/\/www.idena.fr\/ro\/grupul\/#primaryimage"},"thumbnailUrl":"https:\/\/www.idena.fr\/wp-content\/uploads\/header-2.jpg","datePublished":"2024-08-14T13:47:07+00:00","dateModified":"2026-04-28T15:05:22+00:00","description":"Descoperi\u021bi solu\u021biile IDENA pentru nutri\u021bia animalelor \u0219i a plantelor. Expertiza noastr\u0103 \u00een zootehnie \u0219i ingrediente active botanice asigur\u0103 solu\u021bii inovatoare.","breadcrumb":{"@id":"https:\/\/www.idena.fr\/ro\/grupul\/#breadcrumb"},"inLanguage":"ro-RO","potentialAction":[{"@type":"ReadAction","target":["https:\/\/www.idena.fr\/ro\/grupul\/"]}]},{"@type":"ImageObject","inLanguage":"ro-RO","@id":"https:\/\/www.idena.fr\/ro\/grupul\/#primaryimage","url":"https:\/\/www.idena.fr\/wp-content\/uploads\/header-2.jpg","contentUrl":"https:\/\/www.idena.fr\/wp-content\/uploads\/header-2.jpg"},{"@type":"BreadcrumbList","@id":"https:\/\/www.idena.fr\/ro\/grupul\/#breadcrumb","itemListElement":[{"@type":"ListItem","position":1,"name":"Accueil","item":"https:\/\/www.idena.fr\/ro\/"},{"@type":"ListItem","position":2,"name":"Grupului"}]},{"@type":"WebSite","@id":"https:\/\/idena-wordpress-web.dev.imcr.dev\/#website","url":"https:\/\/idena-wordpress-web.dev.imcr.dev\/","name":"Idena","description":"","publisher":{"@id":"https:\/\/idena-wordpress-web.dev.imcr.dev\/#organization"},"potentialAction":[{"@type":"SearchAction","target":{"@type":"EntryPoint","urlTemplate":"https:\/\/idena-wordpress-web.dev.imcr.dev\/?s={search_term_string}"},"query-input":{"@type":"PropertyValueSpecification","valueRequired":true,"valueName":"search_term_string"}}],"inLanguage":"ro-RO"},{"@type":"Organization","@id":"https:\/\/idena-wordpress-web.dev.imcr.dev\/#organization","name":"Idena","url":"https:\/\/idena-wordpress-web.dev.imcr.dev\/","logo":{"@type":"ImageObject","inLanguage":"ro-RO","@id":"https:\/\/idena-wordpress-web.dev.imcr.dev\/#\/schema\/logo\/image\/","url":"https:\/\/www.idena.fr\/wp-content\/uploads\/logo-idena-1.svg","contentUrl":"https:\/\/www.idena.fr\/wp-content\/uploads\/logo-idena-1.svg","width":393,"height":106,"caption":"Idena"},"image":{"@id":"https:\/\/idena-wordpress-web.dev.imcr.dev\/#\/schema\/logo\/image\/"}}]}},"mfb_rest_fields":["title","yoast_head","yoast_head_json"],"_links":{"self":[{"href":"https:\/\/www.idena.fr\/ro\/wp-json\/wp\/v2\/pages\/5111","targetHints":{"allow":["GET"]}}],"collection":[{"href":"https:\/\/www.idena.fr\/ro\/wp-json\/wp\/v2\/pages"}],"about":[{"href":"https:\/\/www.idena.fr\/ro\/wp-json\/wp\/v2\/types\/page"}],"author":[{"embeddable":true,"href":"https:\/\/www.idena.fr\/ro\/wp-json\/wp\/v2\/users\/1"}],"replies":[{"embeddable":true,"href":"https:\/\/www.idena.fr\/ro\/wp-json\/wp\/v2\/comments?post=5111"}],"version-history":[{"count":5,"href":"https:\/\/www.idena.fr\/ro\/wp-json\/wp\/v2\/pages\/5111\/revisions"}],"predecessor-version":[{"id":7877,"href":"https:\/\/www.idena.fr\/ro\/wp-json\/wp\/v2\/pages\/5111\/revisions\/7877"}],"wp:attachment":[{"href":"https:\/\/www.idena.fr\/ro\/wp-json\/wp\/v2\/media?parent=5111"}],"curies":[{"name":"wp","href":"https:\/\/api.w.org\/{rel}","templated":true}]}}